{"id":1604,"date":"2011-11-13T12:27:42","date_gmt":"2011-11-13T10:27:42","guid":{"rendered":"http:\/\/www.grundschule-sasbach.de\/wp\/?page_id=1604"},"modified":"2019-09-17T10:04:29","modified_gmt":"2019-09-17T08:04:29","slug":"schuljahr-20112012","status":"publish","type":"page","link":"https:\/\/www.grundschule-sasbach.de\/wp\/?page_id=1604","title":{"rendered":"Schuljahr 2011\/2012"},"content":{"rendered":"<h3><img loading=\"lazy\" decoding=\"async\" class=\"alignleft size-full wp-image-1218\" title=\"Kinder2\" src=\"https:\/\/www.grundschule-sasbach.de\/wp\/wp-content\/uploads\/2010\/12\/Kinder2.gif\" alt=\"Kinder2\" width=\"224\" height=\"126\" \/><span style=\"color: #99cc00;\">Unsere Schule bewegt sich &#8230;<\/span><\/h3>\n<p><span style=\"color: #000000;\"><strong><span style=\"text-decoration: underline;\">Ab Oktober:<\/span><\/strong><\/span><\/p>\n<p><span style=\"color: #000000;\"><strong>Schwimmunterricht<\/strong> in Marckolsheim-F <\/span><span style=\"color: #000000;\">Klasse 4a+4b<\/span><\/p>\n<p><span style=\"color: #000000;\"><strong><span style=\"text-decoration: underline;\">8. Dezember:<\/span><\/strong><\/span><\/p>\n<p><span style=\"color: #000000;\">Teilnahme beim Wettbewerb &#8222;Jugend trainiert f\u00fcr Olympia&#8220; Ger\u00e4teturnen-M\u00e4dchen .<\/span><\/p>\n<p><span style=\"color: #000000;\">Dort haben sie den 1. Platz belegt und sich f\u00fcr das RP-Finale am 7. Februar 2012 in Donaueschingen qualifiziert !<\/span><\/p>\n<p><span style=\"color: #000000;\"><a href=\"https:\/\/www.grundschule-sasbach.de\/wp\/wp-content\/uploads\/2011\/11\/Ger\u00e4teturnen-2011-007.jpg\"><img loading=\"lazy\" decoding=\"async\" class=\"alignright size-full wp-image-1645\" title=\"Ger\u00e4teturnen 2011 007\" src=\"https:\/\/www.grundschule-sasbach.de\/wp\/wp-content\/uploads\/2011\/11\/Ger\u00e4teturnen-2011-007.jpg\" alt=\"Ger\u00e4teturnen 2011 007\" width=\"300\" height=\"227\" \/><\/a><br \/>\n<span style=\"color: #ff6600;\">HERZLICHEN GL\u00dcCKWUNSCH !<\/span><\/span><\/p>\n<p>Clara, Lea, Paula und Jule<\/p>\n<h3><a href=\"https:\/\/www.grundschule-sasbach.de\/wp\/wp-content\/uploads\/2011\/11\/Homepage.JPG\"><img loading=\"lazy\" decoding=\"async\" class=\"alignright size-full wp-image-1664\" title=\"Homepage\" src=\"https:\/\/www.grundschule-sasbach.de\/wp\/wp-content\/uploads\/2011\/11\/Homepage.JPG\" alt=\"Homepage\" width=\"223\" height=\"176\" \/><\/a><\/h3>\n<h4><span style=\"color: #ff0000;\">Juhuuu,\u00a0 unsere M\u00e4dels haben es geschafft !<br \/>\n<\/span><\/h4>\n<p><span style=\"text-decoration: underline;\"><strong>Am 7. Februar 2012<\/strong><\/span> konnten Sie sich f\u00fcr das Landesfinale am 12.\/13. Februar 2012 in Spaichingen qualifizieren.<\/p>\n<h3><span style=\"color: #ff6600;\">HERZLICHEN GL\u00dcCKWUNSCH und viel Gl\u00fcck weiterhin !<\/span><\/h3>\n<p>Beim Hallenfu\u00dfball &#8222;Jugend trainiert f\u00fcr Olympia&#8220; Wettkamp V belegten unsere Jungs am <span style=\"text-decoration: underline;\"><strong>28.02.2012 in Riegel<\/strong><\/span> den 3. Platz.<\/p>\n<p><span style=\"color: #ff00ff;\">HERZLICHEN GL\u00dcCKWUNSCH !<\/span><\/p>\n<p>Danke den Betreuern Frau Kromer und Herr Nock.<\/p>\n<p><span style=\"text-decoration: underline;\">Am 13. M\u00e4rz 2012<\/span> waren unsere Turnerm\u00e4dchen <span style=\"text-decoration: underline;\">beim Landesfinale<\/span> in Spaichingen und belegten dort den 4. Platz.<\/p>\n<p><span style=\"color: #ff00ff;\">Herzlichen Gl\u00fcckwunsch !<\/span><\/p>\n<p><span style=\"color: #ff00ff;\"><span style=\"color: #000000;\">28.06.2012 Teilnahme am Kreissch\u00fclersportfest in Teningen<\/span><\/span><\/p>\n<p><span style=\"color: #ff00ff;\"><span style=\"color: #000000;\">2.07.2012 Feldrunde Fu\u00dfball V-Vorrunde<\/span><\/span><\/p>\n<p><span style=\"color: #ff00ff;\"><span style=\"color: #000000;\">6.07.2012 RP Finale Tennis in Singen<\/span><\/span><\/p>\n<p>13.07.2012 Landesfinale Tennis in Stuttgart, dort wurde unsere Schulmannschaft Baden-W\u00fcrttembergischer Meister !<\/p>\n<p><span style=\"color: #ff6600;\">HERZLICHEN GL\u00dcCKWUNSCH !<\/span><\/p>\n<p><a href=\"https:\/\/www.grundschule-sasbach.de\/wp\/wp-content\/uploads\/2011\/11\/Tennis-BW-Finale.jpg\"><img loading=\"lazy\" decoding=\"async\" class=\"aligncenter  wp-image-1766\" title=\"Tennis BW Finale\" src=\"https:\/\/www.grundschule-sasbach.de\/wp\/wp-content\/uploads\/2011\/11\/Tennis-BW-Finale.jpg\" alt=\"\" width=\"249\" height=\"186\" srcset=\"https:\/\/www.grundschule-sasbach.de\/wp\/wp-content\/uploads\/2011\/11\/Tennis-BW-Finale.jpg 1280w, https:\/\/www.grundschule-sasbach.de\/wp\/wp-content\/uploads\/2011\/11\/Tennis-BW-Finale-300x225.jpg 300w, https:\/\/www.grundschule-sasbach.de\/wp\/wp-content\/uploads\/2011\/11\/Tennis-BW-Finale-1024x768.jpg 1024w\" sizes=\"auto, (max-width: 249px) 100vw, 249px\" \/><\/a><\/p>\n<p><span style=\"color: #ff00ff;\"><span style=\"color: #000000;\">19.07.2012Kreisfinale Fu\u00dfball in Freiburg, dort belegte unsere Schulmannschaft den 3. Platz<\/span><\/span><\/p>\n<p><span style=\"color: #ff00ff;\"><span style=\"color: #000000;\">HERZLICHEN GL\u00dcCKWUNSCH !<\/span><\/span><\/p>\n<p><span style=\"color: #ff00ff;\"><span style=\"color: #000000;\"><a href=\"https:\/\/www.grundschule-sasbach.de\/wp\/wp-content\/uploads\/2011\/11\/Mannschaftsbild-Fu\u00dfball.jpg\"><img loading=\"lazy\" decoding=\"async\" class=\"aligncenter  wp-image-1764\" title=\"Mannschaftsbild Fu\u00dfball\" src=\"https:\/\/www.grundschule-sasbach.de\/wp\/wp-content\/uploads\/2011\/11\/Mannschaftsbild-Fu\u00dfball.jpg\" alt=\"\" width=\"423\" height=\"238\" \/><\/a><\/span><\/span><\/p>\n<p><span style=\"color: #ff00ff;\"><span style=\"color: #000000;\">19. Juli 2012 Fu\u00dfballtag mit der Fu\u00dfballschule des SC Freiburg<br \/>\n<\/span><\/span><\/p>\n","protected":false},"excerpt":{"rendered":"<p>Unsere Schule bewegt sich &#8230; Ab Oktober: Schwimmunterricht in Marckolsheim-F Klasse 4a+4b 8. Dezember: Teilnahme beim Wettbewerb &#8222;Jugend trainiert f\u00fcr Olympia&#8220; Ger\u00e4teturnen-M\u00e4dchen . Dort haben sie den 1. Platz belegt und sich f\u00fcr das RP-Finale am 7. Februar 2012 in Donaueschingen qualifiziert ! HERZLICHEN GL\u00dcCKWUNSCH ! Clara, Lea, Paula und Jule Juhuuu,\u00a0 unsere M\u00e4dels haben &hellip; <a href=\"https:\/\/www.grundschule-sasbach.de\/wp\/?page_id=1604\" class=\"more-link\"><span class=\"screen-reader-text\">Schuljahr 2011\/2012<\/span> weiterlesen <span class=\"meta-nav\">&rarr;<\/span><\/a><\/p>\n","protected":false},"author":4,"featured_media":0,"parent":1097,"menu_order":2,"comment_status":"closed","ping_status":"closed","template":"","meta":{"footnotes":""},"class_list":["post-1604","page","type-page","status-publish","hentry"],"_links":{"self":[{"href":"https:\/\/www.grundschule-sasbach.de\/wp\/index.php?rest_route=\/wp\/v2\/pages\/1604","targetHints":{"allow":["GET"]}}],"collection":[{"href":"https:\/\/www.grundschule-sasbach.de\/wp\/index.php?rest_route=\/wp\/v2\/pages"}],"about":[{"href":"https:\/\/www.grundschule-sasbach.de\/wp\/index.php?rest_route=\/wp\/v2\/types\/page"}],"author":[{"embeddable":true,"href":"https:\/\/www.grundschule-sasbach.de\/wp\/index.php?rest_route=\/wp\/v2\/users\/4"}],"replies":[{"embeddable":true,"href":"https:\/\/www.grundschule-sasbach.de\/wp\/index.php?rest_route=%2Fwp%2Fv2%2Fcomments&post=1604"}],"version-history":[{"count":16,"href":"https:\/\/www.grundschule-sasbach.de\/wp\/index.php?rest_route=\/wp\/v2\/pages\/1604\/revisions"}],"predecessor-version":[{"id":1892,"href":"https:\/\/www.grundschule-sasbach.de\/wp\/index.php?rest_route=\/wp\/v2\/pages\/1604\/revisions\/1892"}],"up":[{"embeddable":true,"href":"https:\/\/www.grundschule-sasbach.de\/wp\/index.php?rest_route=\/wp\/v2\/pages\/1097"}],"wp:attachment":[{"href":"https:\/\/www.grundschule-sasbach.de\/wp\/index.php?rest_route=%2Fwp%2Fv2%2Fmedia&parent=1604"}],"curies":[{"name":"wp","href":"https:\/\/api.w.org\/{rel}","templated":true}]}}