{"id":1890,"date":"2012-12-17T19:10:59","date_gmt":"2012-12-17T17:10:59","guid":{"rendered":"http:\/\/www.grundschule-sasbach.de\/wp\/?page_id=1890"},"modified":"2019-09-17T10:04:29","modified_gmt":"2019-09-17T08:04:29","slug":"schuljahr-20122013","status":"publish","type":"page","link":"https:\/\/www.grundschule-sasbach.de\/wp\/?page_id=1890","title":{"rendered":"Schuljahr 2012\/2013"},"content":{"rendered":"<h3><span style=\"color: #33cccc;\">Schwimmunterricht in Marckolsheim:\u00a0<a href=\"https:\/\/www.grundschule-sasbach.de\/wp\/wp-content\/uploads\/2012\/12\/schwimmen2.gif\"><img loading=\"lazy\" decoding=\"async\" class=\"alignleft  wp-image-1895\" title=\"schwimmen2\" src=\"https:\/\/www.grundschule-sasbach.de\/wp\/wp-content\/uploads\/2012\/12\/schwimmen2-300x221.gif\" alt=\"\" width=\"148\" height=\"117\" \/><\/a><\/span><\/h3>\n<p><strong>Ab November<\/strong> findet f\u00fcr die 4. Kl\u00e4ssler jeweils an 6 Nachmittagen der Schwimmunterricht im Schwimmbad in Marckolsheim statt.<\/p>\n<p>Dort k\u00f6nnen die Kinder das Schwimmabzeichen ablegen.<\/p>\n<h3><span style=\"color: #ff9900;\">Fu\u00dfball &#8211; Hallenrunde V<\/span><\/h3>\n<p><a href=\"https:\/\/www.grundschule-sasbach.de\/wp\/wp-content\/uploads\/2012\/12\/Fussballschuh.gif\"><img loading=\"lazy\" decoding=\"async\" class=\"aligncenter  wp-image-1931\" title=\"Fussballschuh\" src=\"https:\/\/www.grundschule-sasbach.de\/wp\/wp-content\/uploads\/2012\/12\/Fussballschuh-300x203.gif\" alt=\"\" width=\"131\" height=\"88\" srcset=\"https:\/\/www.grundschule-sasbach.de\/wp\/wp-content\/uploads\/2012\/12\/Fussballschuh-300x203.gif 300w, https:\/\/www.grundschule-sasbach.de\/wp\/wp-content\/uploads\/2012\/12\/Fussballschuh.gif 301w\" sizes=\"auto, (max-width: 131px) 100vw, 131px\" \/><\/a>Am <span style=\"text-decoration: underline;\">29. Januar 2013 trat unsere Fu\u00dfballmannschaft in Riegel zum Vorrundenspie<\/span>l an und belegte dort den 2. Platz, damit qualifizierten sie sich f\u00fcr das Kreisfinale.<\/p>\n<p>Juhuuuu&#8230;!!<\/p>\n<p>Am <span style=\"text-decoration: underline;\">12. M\u00e4rz 2013 fand das Kreisfinale<\/span>&#8211; Fu\u00dfball Wettkampf V- in Waldkirch statt.<\/p>\n<p>Dort belegten wir den 5. Platz ! Herzlichen Gl\u00fcckwunsch !<\/p>\n<h3><span style=\"color: #800080;\">Fahhradausbildung in der Verkehrsschule in Emmendingen<\/span><\/h3>\n<p>Am 13. M\u00e4rz 2013 begann die Fahrradausbildung der 4. Klassen im Verkehrsgarten in Emmendingen.<\/p>\n<p>Dort haben alle Kinder ihren Fahrradf\u00fchrerschein ablegt.<\/p>\n<p><a href=\"https:\/\/www.grundschule-sasbach.de\/wp\/wp-content\/uploads\/2012\/12\/Realverkehr-1-H.jpg\"><img loading=\"lazy\" decoding=\"async\" class=\"alignleft size-medium wp-image-2021\" title=\"Realverkehr (1 H)\" src=\"https:\/\/www.grundschule-sasbach.de\/wp\/wp-content\/uploads\/2012\/12\/Realverkehr-1-H-300x225.jpg\" alt=\"\" width=\"300\" height=\"225\" srcset=\"https:\/\/www.grundschule-sasbach.de\/wp\/wp-content\/uploads\/2012\/12\/Realverkehr-1-H-300x225.jpg 300w, https:\/\/www.grundschule-sasbach.de\/wp\/wp-content\/uploads\/2012\/12\/Realverkehr-1-H-1024x768.jpg 1024w, https:\/\/www.grundschule-sasbach.de\/wp\/wp-content\/uploads\/2012\/12\/Realverkehr-1-H.jpg 1600w\" sizes=\"auto, (max-width: 300px) 100vw, 300px\" \/><\/a> <a href=\"https:\/\/www.grundschule-sasbach.de\/wp\/wp-content\/uploads\/2012\/12\/Realverkehr-3H.jpg\"><img loading=\"lazy\" decoding=\"async\" class=\"alignright size-medium wp-image-2022\" title=\"Realverkehr (3H)\" src=\"https:\/\/www.grundschule-sasbach.de\/wp\/wp-content\/uploads\/2012\/12\/Realverkehr-3H-300x225.jpg\" alt=\"\" width=\"300\" height=\"225\" srcset=\"https:\/\/www.grundschule-sasbach.de\/wp\/wp-content\/uploads\/2012\/12\/Realverkehr-3H-300x225.jpg 300w, https:\/\/www.grundschule-sasbach.de\/wp\/wp-content\/uploads\/2012\/12\/Realverkehr-3H-1024x768.jpg 1024w, https:\/\/www.grundschule-sasbach.de\/wp\/wp-content\/uploads\/2012\/12\/Realverkehr-3H.jpg 1600w\" sizes=\"auto, (max-width: 300px) 100vw, 300px\" \/><\/a><\/p>\n<h3><span style=\"color: #ff00ff;\">VR- TALENTIADE &#8211; Leichtathletik<\/span><\/h3>\n<p>Am 25. April 2013 waren unsere beiden 4. Klassen bei der Talentiade in Wyhl.<\/p>\n<p>Es war ein sch\u00f6ner Tag ! <a href=\"https:\/\/www.grundschule-sasbach.de\/wp\/wp-content\/uploads\/2012\/12\/IMG_2262.jpg\"><img loading=\"lazy\" decoding=\"async\" class=\"alignleft size-medium wp-image-2011\" title=\"IMG_2262\" src=\"https:\/\/www.grundschule-sasbach.de\/wp\/wp-content\/uploads\/2012\/12\/IMG_2262-300x225.jpg\" alt=\"\" width=\"300\" height=\"225\" srcset=\"https:\/\/www.grundschule-sasbach.de\/wp\/wp-content\/uploads\/2012\/12\/IMG_2262-300x225.jpg 300w, https:\/\/www.grundschule-sasbach.de\/wp\/wp-content\/uploads\/2012\/12\/IMG_2262-1024x768.jpg 1024w, https:\/\/www.grundschule-sasbach.de\/wp\/wp-content\/uploads\/2012\/12\/IMG_2262.jpg 1600w\" sizes=\"auto, (max-width: 300px) 100vw, 300px\" \/><\/a><a href=\"https:\/\/www.grundschule-sasbach.de\/wp\/wp-content\/uploads\/2012\/12\/IMG_2273.jpg\"><img loading=\"lazy\" decoding=\"async\" class=\"aligncenter size-medium wp-image-2012\" title=\"IMG_2273\" src=\"https:\/\/www.grundschule-sasbach.de\/wp\/wp-content\/uploads\/2012\/12\/IMG_2273-300x225.jpg\" alt=\"\" width=\"300\" height=\"225\" srcset=\"https:\/\/www.grundschule-sasbach.de\/wp\/wp-content\/uploads\/2012\/12\/IMG_2273-300x225.jpg 300w, https:\/\/www.grundschule-sasbach.de\/wp\/wp-content\/uploads\/2012\/12\/IMG_2273-1024x768.jpg 1024w, https:\/\/www.grundschule-sasbach.de\/wp\/wp-content\/uploads\/2012\/12\/IMG_2273.jpg 1600w\" sizes=\"auto, (max-width: 300px) 100vw, 300px\" \/><\/a><\/p>\n<h3><span style=\"color: #99cc00;\">Fu\u00dfball Vorrunde<\/span><\/h3>\n<p>5. Mai 2013 Riegel, Teilnahme mit unserer Fu\u00dfballmannschaft. Wir belegten dort den 4. Platz.<\/p>\n<h3><span style=\"color: #ff9900;\">Kleinfeldtennis-Turnier<\/span><\/h3>\n<p>Am 15. Mai 2013 waren wir beim Kleinfeldtennis-Turnier in Freiburg.<\/p>\n<p>Dort belegte unsere Schulmannschaft den 1. Platz und qualifizierte sich f\u00fcr das Finale in Singen am 28. Juni 2013.<\/p>\n<p><a href=\"https:\/\/www.grundschule-sasbach.de\/wp\/wp-content\/uploads\/2012\/12\/Tennis-6.jpg\"><img loading=\"lazy\" decoding=\"async\" class=\"aligncenter size-medium wp-image-2019\" title=\"Tennis (6)\" src=\"https:\/\/www.grundschule-sasbach.de\/wp\/wp-content\/uploads\/2012\/12\/Tennis-6-300x200.jpg\" alt=\"\" width=\"300\" height=\"200\" srcset=\"https:\/\/www.grundschule-sasbach.de\/wp\/wp-content\/uploads\/2012\/12\/Tennis-6-300x200.jpg 300w, https:\/\/www.grundschule-sasbach.de\/wp\/wp-content\/uploads\/2012\/12\/Tennis-6-1024x682.jpg 1024w\" sizes=\"auto, (max-width: 300px) 100vw, 300px\" \/><\/a>In Singen beim RP-Finale belegten unsere Tennis-Jungs den 5. Platz.<\/p>\n<p>Herzlichen Gl\u00fcckwunsch !<\/p>\n<p><a href=\"https:\/\/www.grundschule-sasbach.de\/wp\/wp-content\/uploads\/2012\/12\/IMG_2446.jpg\"><img loading=\"lazy\" decoding=\"async\" class=\"alignleft size-medium wp-image-2085\" title=\"IMG_2446\" src=\"https:\/\/www.grundschule-sasbach.de\/wp\/wp-content\/uploads\/2012\/12\/IMG_2446-300x225.jpg\" alt=\"\" width=\"300\" height=\"225\" srcset=\"https:\/\/www.grundschule-sasbach.de\/wp\/wp-content\/uploads\/2012\/12\/IMG_2446-300x225.jpg 300w, https:\/\/www.grundschule-sasbach.de\/wp\/wp-content\/uploads\/2012\/12\/IMG_2446-1024x768.jpg 1024w, https:\/\/www.grundschule-sasbach.de\/wp\/wp-content\/uploads\/2012\/12\/IMG_2446.jpg 1600w\" sizes=\"auto, (max-width: 300px) 100vw, 300px\" \/><\/a><\/p>\n<p>&nbsp;<\/p>\n<h3><span style=\"color: #800080;\">Kreissch\u00fclersportfest<\/span><\/h3>\n<p>Am 13. Juni 2013 werden wir mit unseren Sch\u00fclern beim Kreissch\u00fclersportfest in Teningen antreten.<\/p>\n","protected":false},"excerpt":{"rendered":"<p>Schwimmunterricht in Marckolsheim:\u00a0 Ab November findet f\u00fcr die 4. Kl\u00e4ssler jeweils an 6 Nachmittagen der Schwimmunterricht im Schwimmbad in Marckolsheim statt. Dort k\u00f6nnen die Kinder das Schwimmabzeichen ablegen. Fu\u00dfball &#8211; Hallenrunde V Am 29. Januar 2013 trat unsere Fu\u00dfballmannschaft in Riegel zum Vorrundenspiel an und belegte dort den 2. Platz, damit qualifizierten sie sich f\u00fcr &hellip; <a href=\"https:\/\/www.grundschule-sasbach.de\/wp\/?page_id=1890\" class=\"more-link\"><span class=\"screen-reader-text\">Schuljahr 2012\/2013<\/span> weiterlesen <span class=\"meta-nav\">&rarr;<\/span><\/a><\/p>\n","protected":false},"author":4,"featured_media":0,"parent":1097,"menu_order":3,"comment_status":"closed","ping_status":"closed","template":"","meta":{"footnotes":""},"class_list":["post-1890","page","type-page","status-publish","hentry"],"_links":{"self":[{"href":"https:\/\/www.grundschule-sasbach.de\/wp\/index.php?rest_route=\/wp\/v2\/pages\/1890","targetHints":{"allow":["GET"]}}],"collection":[{"href":"https:\/\/www.grundschule-sasbach.de\/wp\/index.php?rest_route=\/wp\/v2\/pages"}],"about":[{"href":"https:\/\/www.grundschule-sasbach.de\/wp\/index.php?rest_route=\/wp\/v2\/types\/page"}],"author":[{"embeddable":true,"href":"https:\/\/www.grundschule-sasbach.de\/wp\/index.php?rest_route=\/wp\/v2\/users\/4"}],"replies":[{"embeddable":true,"href":"https:\/\/www.grundschule-sasbach.de\/wp\/index.php?rest_route=%2Fwp%2Fv2%2Fcomments&post=1890"}],"version-history":[{"count":17,"href":"https:\/\/www.grundschule-sasbach.de\/wp\/index.php?rest_route=\/wp\/v2\/pages\/1890\/revisions"}],"predecessor-version":[{"id":4853,"href":"https:\/\/www.grundschule-sasbach.de\/wp\/index.php?rest_route=\/wp\/v2\/pages\/1890\/revisions\/4853"}],"up":[{"embeddable":true,"href":"https:\/\/www.grundschule-sasbach.de\/wp\/index.php?rest_route=\/wp\/v2\/pages\/1097"}],"wp:attachment":[{"href":"https:\/\/www.grundschule-sasbach.de\/wp\/index.php?rest_route=%2Fwp%2Fv2%2Fmedia&parent=1890"}],"curies":[{"name":"wp","href":"https:\/\/api.w.org\/{rel}","templated":true}]}}