{"id":5488,"date":"2020-12-11T11:33:15","date_gmt":"2020-12-11T09:33:15","guid":{"rendered":"http:\/\/www.grundschule-sasbach.de\/wp\/?page_id=5488"},"modified":"2021-07-30T14:17:32","modified_gmt":"2021-07-30T12:17:32","slug":"gewaltpraeventionskurse","status":"publish","type":"page","link":"https:\/\/www.grundschule-sasbach.de\/wp\/?page_id=5488","title":{"rendered":"Gewaltpr\u00e4ventionskurse"},"content":{"rendered":"<h3><span style=\"color: #800080;\"><a href=\"https:\/\/www.grundschule-sasbach.de\/wp\/wp-content\/uploads\/2020\/12\/Der-KUMU.jpg\"><img loading=\"lazy\" decoding=\"async\" class=\"wp-image-5491 alignnone\" src=\"https:\/\/www.grundschule-sasbach.de\/wp\/wp-content\/uploads\/2020\/12\/Der-KUMU-492x1024.jpg\" alt=\"\" width=\"78\" height=\"163\" srcset=\"https:\/\/www.grundschule-sasbach.de\/wp\/wp-content\/uploads\/2020\/12\/Der-KUMU-492x1024.jpg 492w, https:\/\/www.grundschule-sasbach.de\/wp\/wp-content\/uploads\/2020\/12\/Der-KUMU-144x300.jpg 144w, https:\/\/www.grundschule-sasbach.de\/wp\/wp-content\/uploads\/2020\/12\/Der-KUMU-768x1597.jpg 768w, https:\/\/www.grundschule-sasbach.de\/wp\/wp-content\/uploads\/2020\/12\/Der-KUMU-738x1536.jpg 738w, https:\/\/www.grundschule-sasbach.de\/wp\/wp-content\/uploads\/2020\/12\/Der-KUMU.jpg 800w\" sizes=\"auto, (max-width: 78px) 100vw, 78px\" \/><\/a>Gewaltpr\u00e4ventionskurse KUMU <a href=\"https:\/\/www.grundschule-sasbach.de\/wp\/wp-content\/uploads\/2020\/12\/Kinder2.gif\"><img loading=\"lazy\" decoding=\"async\" class=\"alignnone wp-image-5489\" src=\"https:\/\/www.grundschule-sasbach.de\/wp\/wp-content\/uploads\/2020\/12\/Kinder2.gif\" alt=\"\" width=\"128\" height=\"108\" \/><\/a><\/span><\/h3>\n<p>Vom 7.-11. Dezember 2020 fanden f\u00fcr alle Sch\u00fcler die Gewaltpr\u00e4ventionskurse statt.<\/p>\n<p>Jede Klasse hatte 3 Einheiten von 1,5 Stunden. Hier ein paar Eindr\u00fccke:<\/p>\n<p><a href=\"https:\/\/www.grundschule-sasbach.de\/wp\/wp-content\/uploads\/2020\/12\/Da-kann-ich-hin.jpg\"><img loading=\"lazy\" decoding=\"async\" class=\"wp-image-5490 alignleft\" src=\"https:\/\/www.grundschule-sasbach.de\/wp\/wp-content\/uploads\/2020\/12\/Da-kann-ich-hin-683x1024.jpg\" alt=\"\" width=\"169\" height=\"254\" srcset=\"https:\/\/www.grundschule-sasbach.de\/wp\/wp-content\/uploads\/2020\/12\/Da-kann-ich-hin-683x1024.jpg 683w, https:\/\/www.grundschule-sasbach.de\/wp\/wp-content\/uploads\/2020\/12\/Da-kann-ich-hin-200x300.jpg 200w, https:\/\/www.grundschule-sasbach.de\/wp\/wp-content\/uploads\/2020\/12\/Da-kann-ich-hin-768x1152.jpg 768w, https:\/\/www.grundschule-sasbach.de\/wp\/wp-content\/uploads\/2020\/12\/Da-kann-ich-hin.jpg 800w\" sizes=\"auto, (max-width: 169px) 100vw, 169px\" \/><\/a>\u00a0 Wo kann ich im Notfall hin&#8230;\u00a0\u00a0 unsere Vertrauenspersonen.<a href=\"https:\/\/www.grundschule-sasbach.de\/wp\/wp-content\/uploads\/2020\/12\/KUMU-und-H\u00e4nde-mit-Vertrauenspersonen.jpg\"><img loading=\"lazy\" decoding=\"async\" class=\"wp-image-5494 alignnone\" src=\"https:\/\/www.grundschule-sasbach.de\/wp\/wp-content\/uploads\/2020\/12\/KUMU-und-H\u00e4nde-mit-Vertrauenspersonen.jpg\" alt=\"\" width=\"240\" height=\"212\" srcset=\"https:\/\/www.grundschule-sasbach.de\/wp\/wp-content\/uploads\/2020\/12\/KUMU-und-H\u00e4nde-mit-Vertrauenspersonen.jpg 800w, https:\/\/www.grundschule-sasbach.de\/wp\/wp-content\/uploads\/2020\/12\/KUMU-und-H\u00e4nde-mit-Vertrauenspersonen-300x265.jpg 300w, https:\/\/www.grundschule-sasbach.de\/wp\/wp-content\/uploads\/2020\/12\/KUMU-und-H\u00e4nde-mit-Vertrauenspersonen-768x679.jpg 768w\" sizes=\"auto, (max-width: 240px) 100vw, 240px\" \/><\/a><\/p>\n<h3><a href=\"https:\/\/www.grundschule-sasbach.de\/wp\/wp-content\/uploads\/2020\/12\/Drau\u00dfen.jpg\"><img loading=\"lazy\" decoding=\"async\" class=\"wp-image-5492 alignright\" src=\"https:\/\/www.grundschule-sasbach.de\/wp\/wp-content\/uploads\/2020\/12\/Drau\u00dfen-1024x668.jpg\" alt=\"\" width=\"286\" height=\"187\" srcset=\"https:\/\/www.grundschule-sasbach.de\/wp\/wp-content\/uploads\/2020\/12\/Drau\u00dfen-1024x668.jpg 1024w, https:\/\/www.grundschule-sasbach.de\/wp\/wp-content\/uploads\/2020\/12\/Drau\u00dfen-300x196.jpg 300w, https:\/\/www.grundschule-sasbach.de\/wp\/wp-content\/uploads\/2020\/12\/Drau\u00dfen-768x501.jpg 768w, https:\/\/www.grundschule-sasbach.de\/wp\/wp-content\/uploads\/2020\/12\/Drau\u00dfen-1536x1002.jpg 1536w, https:\/\/www.grundschule-sasbach.de\/wp\/wp-content\/uploads\/2020\/12\/Drau\u00dfen-2048x1336.jpg 2048w\" sizes=\"auto, (max-width: 286px) 100vw, 286px\" \/><\/a><\/h3>\n<p><a href=\"https:\/\/www.grundschule-sasbach.de\/wp\/wp-content\/uploads\/2020\/12\/Gruppendynamik-der-KUMI-fliegt.jpg\"><img loading=\"lazy\" decoding=\"async\" class=\"wp-image-5493 alignleft\" src=\"https:\/\/www.grundschule-sasbach.de\/wp\/wp-content\/uploads\/2020\/12\/Gruppendynamik-der-KUMI-fliegt.jpg\" alt=\"\" width=\"341\" height=\"243\" srcset=\"https:\/\/www.grundschule-sasbach.de\/wp\/wp-content\/uploads\/2020\/12\/Gruppendynamik-der-KUMI-fliegt.jpg 800w, https:\/\/www.grundschule-sasbach.de\/wp\/wp-content\/uploads\/2020\/12\/Gruppendynamik-der-KUMI-fliegt-300x214.jpg 300w, https:\/\/www.grundschule-sasbach.de\/wp\/wp-content\/uploads\/2020\/12\/Gruppendynamik-der-KUMI-fliegt-768x547.jpg 768w\" sizes=\"auto, (max-width: 341px) 100vw, 341px\" \/><\/a>\u00a0 Stopp, das will ich nicht&#8230;.<\/p>\n<p>&nbsp;<\/p>\n<p>&nbsp;<\/p>\n<p>&nbsp;<\/p>\n<p>&nbsp;<\/p>\n<p><a href=\"https:\/\/www.grundschule-sasbach.de\/wp\/wp-content\/uploads\/2020\/12\/Stopp-ich-will-das-nicht.jpg\"><img loading=\"lazy\" decoding=\"async\" class=\"wp-image-5495 alignright\" src=\"https:\/\/www.grundschule-sasbach.de\/wp\/wp-content\/uploads\/2020\/12\/Stopp-ich-will-das-nicht.jpg\" alt=\"\" width=\"367\" height=\"244\" srcset=\"https:\/\/www.grundschule-sasbach.de\/wp\/wp-content\/uploads\/2020\/12\/Stopp-ich-will-das-nicht.jpg 800w, https:\/\/www.grundschule-sasbach.de\/wp\/wp-content\/uploads\/2020\/12\/Stopp-ich-will-das-nicht-300x200.jpg 300w, https:\/\/www.grundschule-sasbach.de\/wp\/wp-content\/uploads\/2020\/12\/Stopp-ich-will-das-nicht-768x512.jpg 768w\" sizes=\"auto, (max-width: 367px) 100vw, 367px\" \/><\/a><\/p>\n<p>&nbsp;<\/p>\n<p>&nbsp;<\/p>\n<p>&nbsp;<\/p>\n<p>&nbsp;<\/p>\n<h4><span style=\"color: #800080;\">DANKE an Frau Kupferschmidt, die die Seminare sehr gut mit den Kindern durchgef\u00fchrt hat. <a href=\"https:\/\/www.grundschule-sasbach.de\/wp\/wp-content\/uploads\/2020\/07\/Kinder_Blume.jpg\"><img loading=\"lazy\" decoding=\"async\" class=\"wp-image-5351 alignleft\" src=\"https:\/\/www.grundschule-sasbach.de\/wp\/wp-content\/uploads\/2020\/07\/Kinder_Blume.jpg\" alt=\"\" width=\"160\" height=\"103\" srcset=\"https:\/\/www.grundschule-sasbach.de\/wp\/wp-content\/uploads\/2020\/07\/Kinder_Blume.jpg 822w, https:\/\/www.grundschule-sasbach.de\/wp\/wp-content\/uploads\/2020\/07\/Kinder_Blume-300x193.jpg 300w, https:\/\/www.grundschule-sasbach.de\/wp\/wp-content\/uploads\/2020\/07\/Kinder_Blume-768x493.jpg 768w\" sizes=\"auto, (max-width: 160px) 100vw, 160px\" \/><\/a><\/span><\/h4>\n<h3><strong><span style=\"color: #800080;\">Hier noch ein paar TIPP\u00b4s:<\/span><\/strong><\/h3>\n<h3>Gewaltpr\u00e4vention <a href=\"https:\/\/www.grundschule-sasbach.de\/wp\/wp-content\/uploads\/2015\/03\/STOPP.png\" rel=\"nofollow\" data-slb-active=\"1\" data-slb-asset=\"1491823312\" data-slb-internal=\"0\" data-slb-group=\"slb\"><img loading=\"lazy\" decoding=\"async\" class=\"wp-image-3858 alignright\" src=\"https:\/\/www.grundschule-sasbach.de\/wp\/wp-content\/uploads\/2015\/03\/STOPP-211x300.png\" sizes=\"auto, (max-width: 140px) 100vw, 140px\" srcset=\"https:\/\/www.grundschule-sasbach.de\/wp\/wp-content\/uploads\/2015\/03\/STOPP-211x300.png 211w, https:\/\/www.grundschule-sasbach.de\/wp\/wp-content\/uploads\/2015\/03\/STOPP.png 491w\" alt=\"\" width=\"140\" height=\"200\" \/><\/a><\/h3>\n<p>Von der 1. Klasse an lernen die Kinder den Umgang mit der STOPP-Regel.<\/p>\n<p>In regrel\u00e4\u00dfigen Abst\u00e4nden werden WSD-Kurse durchgef\u00fchrt, die 4. Klassen werden in Kursen von der Bundespolizei geschult.<\/p>\n<p><strong>Kinder vor \u00dcbergriffen sch\u00fctzen:<\/strong><\/p>\n<p><strong><u><a href=\"https:\/\/www.grundschule-sasbach.de\/wp\/wp-content\/uploads\/2015\/03\/Eltern.jpg\" rel=\"nofollow\" data-slb-active=\"1\" data-slb-asset=\"897393148\" data-slb-internal=\"0\" data-slb-group=\"slb\"><img loading=\"lazy\" decoding=\"async\" class=\"wp-image-3856 alignleft\" src=\"https:\/\/www.grundschule-sasbach.de\/wp\/wp-content\/uploads\/2015\/03\/Eltern-292x300.jpg\" sizes=\"auto, (max-width: 116px) 100vw, 116px\" srcset=\"https:\/\/www.grundschule-sasbach.de\/wp\/wp-content\/uploads\/2015\/03\/Eltern-292x300.jpg 292w, https:\/\/www.grundschule-sasbach.de\/wp\/wp-content\/uploads\/2015\/03\/Eltern.jpg 620w\" alt=\"\" width=\"116\" height=\"119\" \/><\/a>Das k\u00f6nnen Sie als Eltern tun:<\/u><\/strong><\/p>\n<p>*Eine <strong>Notfallnummer<\/strong> mit den Kindern <strong>ein\u00fcben<\/strong> (Handynummer von Mama, Papa,\u2026)<\/p>\n<ul>\n<li><strong>2-5 Vertrauenspersonen festlegen<\/strong>.<\/li>\n<\/ul>\n<p>Nur mit diesen Personen darf das Kind mit, sonst mit niemandem.<\/p>\n<p>*<strong>Keine Namensschilder oder Adressschilder <u>\u00e4u\u00dferlich<\/u> am Schulranzen oder Turnbeutel anbringen<\/strong><\/p>\n<p>*<strong>Rettungsinseln<\/strong> (Gesch\u00e4fte, Privathaushalte) auf dem Schulweg oder dem Weg zu Freunden benennen, wo im Notfall Hilfe geholt werden kann.<\/p>\n<p><strong>Kinder ernst nehmen, gut zuh\u00f6ren und mit ihnen sprechen !<br \/>\n<\/strong><\/p>\n<p><strong>\u00a0<\/strong><\/p>\n<p><strong><u>Das<a href=\"https:\/\/www.grundschule-sasbach.de\/wp\/wp-content\/uploads\/2017\/01\/Junge_Maedchen.gif\" rel=\"nofollow\" data-slb-active=\"1\" data-slb-asset=\"1884467917\" data-slb-internal=\"0\" data-slb-group=\"slb\"><img loading=\"lazy\" decoding=\"async\" class=\"wp-image-3547 alignleft\" src=\"https:\/\/www.grundschule-sasbach.de\/wp\/wp-content\/uploads\/2017\/01\/Junge_Maedchen-300x271.gif\" alt=\"\" width=\"126\" height=\"114\" \/><\/a> solltest du als Kind tun:<\/u><\/strong><\/p>\n<p>*Wenn du Hilfe brauchst <strong>die betreffende Person unbedingt mit \u201eSie\u201c<\/strong> ansprechen und <strong>ganz klar und laut sagen, was du <u>nicht<\/u> willst !<\/strong><\/p>\n<p>*<strong>Sicherheitsabstand<\/strong> zur betreffenden Person <strong>halten<\/strong>, damit du im Notfall wegrennen kannst.<\/p>\n<p>* <strong>Hilfe holen oder umliegende Personen direkt ansprechen<\/strong>:<\/p>\n<p>\u201eSie mit dem roten Pullover, helfen Sie mir bitte !\u201c<\/p>\n<p><strong>Auf dein Bauchgef\u00fchl h\u00f6ren. Hier stimmt was nicht !<\/strong><\/p>\n<p>&nbsp;<\/p>\n<p>&nbsp;<\/p>\n<p>&nbsp;<\/p>\n","protected":false},"excerpt":{"rendered":"<p>Gewaltpr\u00e4ventionskurse KUMU Vom 7.-11. Dezember 2020 fanden f\u00fcr alle Sch\u00fcler die Gewaltpr\u00e4ventionskurse statt. Jede Klasse hatte 3 Einheiten von 1,5 Stunden. Hier ein paar Eindr\u00fccke: \u00a0 Wo kann ich im Notfall hin&#8230;\u00a0\u00a0 unsere Vertrauenspersonen. \u00a0 Stopp, das will ich nicht&#8230;. &nbsp; &nbsp; &nbsp; &nbsp; &nbsp; &nbsp; &nbsp; &nbsp; DANKE an Frau Kupferschmidt, die die Seminare &hellip; <a href=\"https:\/\/www.grundschule-sasbach.de\/wp\/?page_id=5488\" class=\"more-link\"><span class=\"screen-reader-text\">Gewaltpr\u00e4ventionskurse<\/span> weiterlesen <span class=\"meta-nav\">&rarr;<\/span><\/a><\/p>\n","protected":false},"author":4,"featured_media":0,"parent":5610,"menu_order":4,"comment_status":"closed","ping_status":"closed","template":"","meta":{"footnotes":""},"class_list":["post-5488","page","type-page","status-publish","hentry"],"_links":{"self":[{"href":"https:\/\/www.grundschule-sasbach.de\/wp\/index.php?rest_route=\/wp\/v2\/pages\/5488","targetHints":{"allow":["GET"]}}],"collection":[{"href":"https:\/\/www.grundschule-sasbach.de\/wp\/index.php?rest_route=\/wp\/v2\/pages"}],"about":[{"href":"https:\/\/www.grundschule-sasbach.de\/wp\/index.php?rest_route=\/wp\/v2\/types\/page"}],"author":[{"embeddable":true,"href":"https:\/\/www.grundschule-sasbach.de\/wp\/index.php?rest_route=\/wp\/v2\/users\/4"}],"replies":[{"embeddable":true,"href":"https:\/\/www.grundschule-sasbach.de\/wp\/index.php?rest_route=%2Fwp%2Fv2%2Fcomments&post=5488"}],"version-history":[{"count":4,"href":"https:\/\/www.grundschule-sasbach.de\/wp\/index.php?rest_route=\/wp\/v2\/pages\/5488\/revisions"}],"predecessor-version":[{"id":5514,"href":"https:\/\/www.grundschule-sasbach.de\/wp\/index.php?rest_route=\/wp\/v2\/pages\/5488\/revisions\/5514"}],"up":[{"embeddable":true,"href":"https:\/\/www.grundschule-sasbach.de\/wp\/index.php?rest_route=\/wp\/v2\/pages\/5610"}],"wp:attachment":[{"href":"https:\/\/www.grundschule-sasbach.de\/wp\/index.php?rest_route=%2Fwp%2Fv2%2Fmedia&parent=5488"}],"curies":[{"name":"wp","href":"https:\/\/api.w.org\/{rel}","templated":true}]}}