{"id":5689,"date":"2021-10-01T18:37:12","date_gmt":"2021-10-01T16:37:12","guid":{"rendered":"https:\/\/www.grundschule-sasbach.de\/wp\/?page_id=5689"},"modified":"2022-09-15T12:36:50","modified_gmt":"2022-09-15T10:36:50","slug":"aepfel-sammeln","status":"publish","type":"page","link":"https:\/\/www.grundschule-sasbach.de\/wp\/?page_id=5689","title":{"rendered":"\u00c4pfel sammeln"},"content":{"rendered":"<h3><span style=\"color: #008000;\">BIO-Apfelsaft f\u00fcr die Schule <a href=\"https:\/\/www.grundschule-sasbach.de\/wp\/wp-content\/uploads\/2021\/10\/Illu_Gaertner_web.gif\"><img loading=\"lazy\" decoding=\"async\" class=\" wp-image-5690 alignright\" src=\"https:\/\/www.grundschule-sasbach.de\/wp\/wp-content\/uploads\/2021\/10\/Illu_Gaertner_web.gif\" alt=\"\" width=\"261\" height=\"197\" \/><\/a><\/span><\/h3>\n<p>Christian vom Bauhof hatte dieses Jahr die Idee, dass wir von den \u00c4pfeln der Streuobstwiesen der Gemeinde, Apfelsaft machen lassen\u00a0 k\u00f6nnten.<\/p>\n<p>Aber bevor es leckeren Apfelsaft gibt, m\u00fcssen die \u00c4pfel erst aufgehoben werden.<\/p>\n<p>Deshalb trafen sich einige Kinder der 3. +4. Klasse am Freitag, 1. Oktober 2021, zum \u00c4pfelsammeln.<\/p>\n<p>Hier ein paar Bilder:<\/p>\n<p><a href=\"https:\/\/www.grundschule-sasbach.de\/wp\/wp-content\/uploads\/2021\/10\/Die-Wiese.jpg\"><img loading=\"lazy\" decoding=\"async\" class=\"alignnone size-large wp-image-5693\" src=\"https:\/\/www.grundschule-sasbach.de\/wp\/wp-content\/uploads\/2021\/10\/Die-Wiese.jpg\" alt=\"\" width=\"604\" height=\"402\" srcset=\"https:\/\/www.grundschule-sasbach.de\/wp\/wp-content\/uploads\/2021\/10\/Die-Wiese.jpg 800w, https:\/\/www.grundschule-sasbach.de\/wp\/wp-content\/uploads\/2021\/10\/Die-Wiese-300x200.jpg 300w, https:\/\/www.grundschule-sasbach.de\/wp\/wp-content\/uploads\/2021\/10\/Die-Wiese-768x512.jpg 768w\" sizes=\"auto, (max-width: 604px) 100vw, 604px\" \/><\/a><\/p>\n<p><a href=\"https:\/\/www.grundschule-sasbach.de\/wp\/wp-content\/uploads\/2021\/10\/Das-Sammelteam.jpg\"><img loading=\"lazy\" decoding=\"async\" class=\"alignnone size-full wp-image-5691\" src=\"https:\/\/www.grundschule-sasbach.de\/wp\/wp-content\/uploads\/2021\/10\/Das-Sammelteam.jpg\" alt=\"\" width=\"800\" height=\"533\" srcset=\"https:\/\/www.grundschule-sasbach.de\/wp\/wp-content\/uploads\/2021\/10\/Das-Sammelteam.jpg 800w, https:\/\/www.grundschule-sasbach.de\/wp\/wp-content\/uploads\/2021\/10\/Das-Sammelteam-300x200.jpg 300w, https:\/\/www.grundschule-sasbach.de\/wp\/wp-content\/uploads\/2021\/10\/Das-Sammelteam-768x512.jpg 768w\" sizes=\"auto, (max-width: 800px) 100vw, 800px\" \/><\/a><a href=\"https:\/\/www.grundschule-sasbach.de\/wp\/wp-content\/uploads\/2021\/10\/Beim-Vesper.jpg\"><img loading=\"lazy\" decoding=\"async\" class=\"alignnone size-full wp-image-5692\" src=\"https:\/\/www.grundschule-sasbach.de\/wp\/wp-content\/uploads\/2021\/10\/Beim-Vesper.jpg\" alt=\"\" width=\"800\" height=\"533\" srcset=\"https:\/\/www.grundschule-sasbach.de\/wp\/wp-content\/uploads\/2021\/10\/Beim-Vesper.jpg 800w, https:\/\/www.grundschule-sasbach.de\/wp\/wp-content\/uploads\/2021\/10\/Beim-Vesper-300x200.jpg 300w, https:\/\/www.grundschule-sasbach.de\/wp\/wp-content\/uploads\/2021\/10\/Beim-Vesper-768x512.jpg 768w\" sizes=\"auto, (max-width: 800px) 100vw, 800px\" \/><\/a><\/p>\n<p>Wir sind schon ganz gespannt wie der Apfelsaft schmecken wird&#8230;<\/p>\n<h4><span style=\"color: #008000;\">DANKE f\u00fcr\u00b4s Helfen !<\/span><\/h4>\n<p>&nbsp;<\/p>\n","protected":false},"excerpt":{"rendered":"<p>BIO-Apfelsaft f\u00fcr die Schule Christian vom Bauhof hatte dieses Jahr die Idee, dass wir von den \u00c4pfeln der Streuobstwiesen der Gemeinde, Apfelsaft machen lassen\u00a0 k\u00f6nnten. Aber bevor es leckeren Apfelsaft gibt, m\u00fcssen die \u00c4pfel erst aufgehoben werden. Deshalb trafen sich einige Kinder der 3. +4. Klasse am Freitag, 1. Oktober 2021, zum \u00c4pfelsammeln. Hier ein &hellip; <a href=\"https:\/\/www.grundschule-sasbach.de\/wp\/?page_id=5689\" class=\"more-link\"><span class=\"screen-reader-text\">\u00c4pfel sammeln<\/span> weiterlesen <span class=\"meta-nav\">&rarr;<\/span><\/a><\/p>\n","protected":false},"author":4,"featured_media":0,"parent":5965,"menu_order":3,"comment_status":"closed","ping_status":"closed","template":"","meta":{"footnotes":""},"class_list":["post-5689","page","type-page","status-publish","hentry"],"_links":{"self":[{"href":"https:\/\/www.grundschule-sasbach.de\/wp\/index.php?rest_route=\/wp\/v2\/pages\/5689","targetHints":{"allow":["GET"]}}],"collection":[{"href":"https:\/\/www.grundschule-sasbach.de\/wp\/index.php?rest_route=\/wp\/v2\/pages"}],"about":[{"href":"https:\/\/www.grundschule-sasbach.de\/wp\/index.php?rest_route=\/wp\/v2\/types\/page"}],"author":[{"embeddable":true,"href":"https:\/\/www.grundschule-sasbach.de\/wp\/index.php?rest_route=\/wp\/v2\/users\/4"}],"replies":[{"embeddable":true,"href":"https:\/\/www.grundschule-sasbach.de\/wp\/index.php?rest_route=%2Fwp%2Fv2%2Fcomments&post=5689"}],"version-history":[{"count":1,"href":"https:\/\/www.grundschule-sasbach.de\/wp\/index.php?rest_route=\/wp\/v2\/pages\/5689\/revisions"}],"predecessor-version":[{"id":5694,"href":"https:\/\/www.grundschule-sasbach.de\/wp\/index.php?rest_route=\/wp\/v2\/pages\/5689\/revisions\/5694"}],"up":[{"embeddable":true,"href":"https:\/\/www.grundschule-sasbach.de\/wp\/index.php?rest_route=\/wp\/v2\/pages\/5965"}],"wp:attachment":[{"href":"https:\/\/www.grundschule-sasbach.de\/wp\/index.php?rest_route=%2Fwp%2Fv2%2Fmedia&parent=5689"}],"curies":[{"name":"wp","href":"https:\/\/api.w.org\/{rel}","templated":true}]}}