{"id":5873,"date":"2022-06-24T10:05:01","date_gmt":"2022-06-24T08:05:01","guid":{"rendered":"https:\/\/www.grundschule-sasbach.de\/wp\/?page_id=5873"},"modified":"2022-09-15T12:36:50","modified_gmt":"2022-09-15T10:36:50","slug":"10-jahrefeier","status":"publish","type":"page","link":"https:\/\/www.grundschule-sasbach.de\/wp\/?page_id=5873","title":{"rendered":"10 Jahresfeier"},"content":{"rendered":"<a href=\"https:\/\/www.grundschule-sasbach.de\/wp\/wp-content\/uploads\/2022\/06\/Text-Homepage.pdf\" class=\"pdfemb-viewer\" style=\"\" data-width=\"max\" data-height=\"max\" data-toolbar=\"bottom\" data-toolbar-fixed=\"off\">Text Homepage<\/a>\n<p><span style=\"font-size: 18pt; color: #ff6600;\">Die 10 Jahresfeier am 1. Juli 2022 war ein wundersch\u00f6ner Tag.<\/span><\/p>\n<p><span style=\"color: #ff0000; font-size: 14pt;\">Hier ein paar Eindr\u00fccke:<\/span><\/p>\n<p>Die 4.Kl\u00e4ssler und der Bauhof habendie Limburghalle sch\u00f6n gerichtet. Die Tischdeko haben die Betreuungskinder gebastelt.<\/p>\n<p>Es kann losgehen !<\/p>\n<p><a href=\"https:\/\/www.grundschule-sasbach.de\/wp\/wp-content\/uploads\/2022\/07\/Die-Halle-ist-gerichtet.jpg\"><img loading=\"lazy\" decoding=\"async\" class=\"alignnone wp-image-5884\" src=\"https:\/\/www.grundschule-sasbach.de\/wp\/wp-content\/uploads\/2022\/07\/Die-Halle-ist-gerichtet.jpg\" alt=\"\" width=\"451\" height=\"300\" srcset=\"https:\/\/www.grundschule-sasbach.de\/wp\/wp-content\/uploads\/2022\/07\/Die-Halle-ist-gerichtet.jpg 800w, https:\/\/www.grundschule-sasbach.de\/wp\/wp-content\/uploads\/2022\/07\/Die-Halle-ist-gerichtet-300x200.jpg 300w, https:\/\/www.grundschule-sasbach.de\/wp\/wp-content\/uploads\/2022\/07\/Die-Halle-ist-gerichtet-768x512.jpg 768w\" sizes=\"auto, (max-width: 451px) 100vw, 451px\" \/><\/a><\/p>\n<p>Begr\u00fc\u00dfung der ganzen Schulgemeinschaft um 15:00 Uhr. Es waren viele G\u00e4ste da&#8230;.<\/p>\n<p><a href=\"https:\/\/www.grundschule-sasbach.de\/wp\/wp-content\/uploads\/2022\/07\/Alle-Kinder.jpg\"><img loading=\"lazy\" decoding=\"async\" class=\"alignnone size-full wp-image-5879\" src=\"https:\/\/www.grundschule-sasbach.de\/wp\/wp-content\/uploads\/2022\/07\/Alle-Kinder.jpg\" alt=\"\" width=\"800\" height=\"533\" srcset=\"https:\/\/www.grundschule-sasbach.de\/wp\/wp-content\/uploads\/2022\/07\/Alle-Kinder.jpg 800w, https:\/\/www.grundschule-sasbach.de\/wp\/wp-content\/uploads\/2022\/07\/Alle-Kinder-300x200.jpg 300w, https:\/\/www.grundschule-sasbach.de\/wp\/wp-content\/uploads\/2022\/07\/Alle-Kinder-768x512.jpg 768w\" sizes=\"auto, (max-width: 800px) 100vw, 800px\" \/><\/a> <a href=\"https:\/\/www.grundschule-sasbach.de\/wp\/wp-content\/uploads\/2022\/07\/Alle-singen-mit....jpg\"><img loading=\"lazy\" decoding=\"async\" class=\"alignnone size-large wp-image-5880\" src=\"https:\/\/www.grundschule-sasbach.de\/wp\/wp-content\/uploads\/2022\/07\/Alle-singen-mit....jpg\" alt=\"\" width=\"604\" height=\"402\" srcset=\"https:\/\/www.grundschule-sasbach.de\/wp\/wp-content\/uploads\/2022\/07\/Alle-singen-mit....jpg 800w, https:\/\/www.grundschule-sasbach.de\/wp\/wp-content\/uploads\/2022\/07\/Alle-singen-mit...-300x200.jpg 300w, https:\/\/www.grundschule-sasbach.de\/wp\/wp-content\/uploads\/2022\/07\/Alle-singen-mit...-768x512.jpg 768w\" sizes=\"auto, (max-width: 604px) 100vw, 604px\" \/><\/a><\/p>\n<p>Frau Nock begr\u00fc\u00dft die G\u00e4ste.<\/p>\n<p><a href=\"https:\/\/www.grundschule-sasbach.de\/wp\/wp-content\/uploads\/2022\/07\/Begruessung-Frau-Nock.jpg\"><img loading=\"lazy\" decoding=\"async\" class=\"alignnone wp-image-5882\" src=\"https:\/\/www.grundschule-sasbach.de\/wp\/wp-content\/uploads\/2022\/07\/Begruessung-Frau-Nock-683x1024.jpg\" alt=\"\" width=\"383\" height=\"575\" srcset=\"https:\/\/www.grundschule-sasbach.de\/wp\/wp-content\/uploads\/2022\/07\/Begruessung-Frau-Nock-683x1024.jpg 683w, https:\/\/www.grundschule-sasbach.de\/wp\/wp-content\/uploads\/2022\/07\/Begruessung-Frau-Nock-200x300.jpg 200w, https:\/\/www.grundschule-sasbach.de\/wp\/wp-content\/uploads\/2022\/07\/Begruessung-Frau-Nock-768x1152.jpg 768w, https:\/\/www.grundschule-sasbach.de\/wp\/wp-content\/uploads\/2022\/07\/Begruessung-Frau-Nock.jpg 800w\" sizes=\"auto, (max-width: 383px) 100vw, 383px\" \/><\/a><\/p>\n<p>Es folgten die Gru\u00dfworte vom Staatlichen Schulamt: Frau Lang und von der Gemeinde: Frau Timm.<\/p>\n<p><a href=\"https:\/\/www.grundschule-sasbach.de\/wp\/wp-content\/uploads\/2022\/07\/Grussworte-SSA-Frau-Lang.jpg\"><img loading=\"lazy\" decoding=\"async\" class=\"alignnone wp-image-5887\" src=\"https:\/\/www.grundschule-sasbach.de\/wp\/wp-content\/uploads\/2022\/07\/Grussworte-SSA-Frau-Lang-683x1024.jpg\" alt=\"\" width=\"399\" height=\"598\" srcset=\"https:\/\/www.grundschule-sasbach.de\/wp\/wp-content\/uploads\/2022\/07\/Grussworte-SSA-Frau-Lang-683x1024.jpg 683w, https:\/\/www.grundschule-sasbach.de\/wp\/wp-content\/uploads\/2022\/07\/Grussworte-SSA-Frau-Lang-200x300.jpg 200w, https:\/\/www.grundschule-sasbach.de\/wp\/wp-content\/uploads\/2022\/07\/Grussworte-SSA-Frau-Lang-768x1152.jpg 768w, https:\/\/www.grundschule-sasbach.de\/wp\/wp-content\/uploads\/2022\/07\/Grussworte-SSA-Frau-Lang.jpg 800w\" sizes=\"auto, (max-width: 399px) 100vw, 399px\" \/><\/a><\/p>\n<p><a href=\"https:\/\/www.grundschule-sasbach.de\/wp\/wp-content\/uploads\/2022\/07\/Grussworte-der-Gemeinde-Frau-Timm.jpg\"><img loading=\"lazy\" decoding=\"async\" class=\"alignnone wp-image-5886\" src=\"https:\/\/www.grundschule-sasbach.de\/wp\/wp-content\/uploads\/2022\/07\/Grussworte-der-Gemeinde-Frau-Timm-683x1024.jpg\" alt=\"\" width=\"384\" height=\"576\" srcset=\"https:\/\/www.grundschule-sasbach.de\/wp\/wp-content\/uploads\/2022\/07\/Grussworte-der-Gemeinde-Frau-Timm-683x1024.jpg 683w, https:\/\/www.grundschule-sasbach.de\/wp\/wp-content\/uploads\/2022\/07\/Grussworte-der-Gemeinde-Frau-Timm-200x300.jpg 200w, https:\/\/www.grundschule-sasbach.de\/wp\/wp-content\/uploads\/2022\/07\/Grussworte-der-Gemeinde-Frau-Timm-768x1152.jpg 768w, https:\/\/www.grundschule-sasbach.de\/wp\/wp-content\/uploads\/2022\/07\/Grussworte-der-Gemeinde-Frau-Timm.jpg 800w\" sizes=\"auto, (max-width: 384px) 100vw, 384px\" \/><\/a><\/p>\n<p><a href=\"https:\/\/www.grundschule-sasbach.de\/wp\/wp-content\/uploads\/2022\/07\/Die-Halle-ist-voll.jpg\"><img loading=\"lazy\" decoding=\"async\" class=\"alignnone size-large wp-image-5885\" src=\"https:\/\/www.grundschule-sasbach.de\/wp\/wp-content\/uploads\/2022\/07\/Die-Halle-ist-voll.jpg\" alt=\"\" width=\"604\" height=\"402\" srcset=\"https:\/\/www.grundschule-sasbach.de\/wp\/wp-content\/uploads\/2022\/07\/Die-Halle-ist-voll.jpg 800w, https:\/\/www.grundschule-sasbach.de\/wp\/wp-content\/uploads\/2022\/07\/Die-Halle-ist-voll-300x200.jpg 300w, https:\/\/www.grundschule-sasbach.de\/wp\/wp-content\/uploads\/2022\/07\/Die-Halle-ist-voll-768x512.jpg 768w\" sizes=\"auto, (max-width: 604px) 100vw, 604px\" \/><\/a><\/p>\n<p>Es gab Kaffee und selbstgebackenen Kuchen. DANKE liebe Eltern !<\/p>\n<p><a href=\"https:\/\/www.grundschule-sasbach.de\/wp\/wp-content\/uploads\/2022\/07\/Bewirtung-der-Eltern.jpg\"><img loading=\"lazy\" decoding=\"async\" class=\"alignnone wp-image-5883\" src=\"https:\/\/www.grundschule-sasbach.de\/wp\/wp-content\/uploads\/2022\/07\/Bewirtung-der-Eltern-683x1024.jpg\" alt=\"\" width=\"373\" height=\"560\" srcset=\"https:\/\/www.grundschule-sasbach.de\/wp\/wp-content\/uploads\/2022\/07\/Bewirtung-der-Eltern-683x1024.jpg 683w, https:\/\/www.grundschule-sasbach.de\/wp\/wp-content\/uploads\/2022\/07\/Bewirtung-der-Eltern-200x300.jpg 200w, https:\/\/www.grundschule-sasbach.de\/wp\/wp-content\/uploads\/2022\/07\/Bewirtung-der-Eltern-768x1152.jpg 768w, https:\/\/www.grundschule-sasbach.de\/wp\/wp-content\/uploads\/2022\/07\/Bewirtung-der-Eltern.jpg 800w\" sizes=\"auto, (max-width: 373px) 100vw, 373px\" \/><\/a><\/p>\n<p>Die Schule \u00f6ffnete ihre T\u00fcren. Es gab viel zu sehen, aber auch zu tun&#8230;<\/p>\n<p><a href=\"https:\/\/www.grundschule-sasbach.de\/wp\/wp-content\/uploads\/2022\/07\/Angebot-Werkraum.jpg\"><img loading=\"lazy\" decoding=\"async\" class=\"alignnone wp-image-5881\" src=\"https:\/\/www.grundschule-sasbach.de\/wp\/wp-content\/uploads\/2022\/07\/Angebot-Werkraum.jpg\" alt=\"\" width=\"512\" height=\"341\" srcset=\"https:\/\/www.grundschule-sasbach.de\/wp\/wp-content\/uploads\/2022\/07\/Angebot-Werkraum.jpg 800w, https:\/\/www.grundschule-sasbach.de\/wp\/wp-content\/uploads\/2022\/07\/Angebot-Werkraum-300x200.jpg 300w, https:\/\/www.grundschule-sasbach.de\/wp\/wp-content\/uploads\/2022\/07\/Angebot-Werkraum-768x512.jpg 768w\" sizes=\"auto, (max-width: 512px) 100vw, 512px\" \/><\/a><\/p>\n<p><a href=\"https:\/\/www.grundschule-sasbach.de\/wp\/wp-content\/uploads\/2022\/07\/Im-WErkraum-gross-und-klein.jpg\"><img loading=\"lazy\" decoding=\"async\" class=\"alignnone wp-image-5888\" src=\"https:\/\/www.grundschule-sasbach.de\/wp\/wp-content\/uploads\/2022\/07\/Im-WErkraum-gross-und-klein.jpg\" alt=\"\" width=\"502\" height=\"334\" srcset=\"https:\/\/www.grundschule-sasbach.de\/wp\/wp-content\/uploads\/2022\/07\/Im-WErkraum-gross-und-klein.jpg 800w, https:\/\/www.grundschule-sasbach.de\/wp\/wp-content\/uploads\/2022\/07\/Im-WErkraum-gross-und-klein-300x200.jpg 300w, https:\/\/www.grundschule-sasbach.de\/wp\/wp-content\/uploads\/2022\/07\/Im-WErkraum-gross-und-klein-768x512.jpg 768w\" sizes=\"auto, (max-width: 502px) 100vw, 502px\" \/><\/a> <a href=\"https:\/\/www.grundschule-sasbach.de\/wp\/wp-content\/uploads\/2022\/07\/Kasperletheater.jpg\"><img loading=\"lazy\" decoding=\"async\" class=\"alignnone wp-image-5889\" src=\"https:\/\/www.grundschule-sasbach.de\/wp\/wp-content\/uploads\/2022\/07\/Kasperletheater.jpg\" alt=\"\" width=\"494\" height=\"329\" srcset=\"https:\/\/www.grundschule-sasbach.de\/wp\/wp-content\/uploads\/2022\/07\/Kasperletheater.jpg 800w, https:\/\/www.grundschule-sasbach.de\/wp\/wp-content\/uploads\/2022\/07\/Kasperletheater-300x200.jpg 300w, https:\/\/www.grundschule-sasbach.de\/wp\/wp-content\/uploads\/2022\/07\/Kasperletheater-768x512.jpg 768w\" sizes=\"auto, (max-width: 494px) 100vw, 494px\" \/><\/a> <a href=\"https:\/\/www.grundschule-sasbach.de\/wp\/wp-content\/uploads\/2022\/07\/Lesekisten-4a-4b.jpg\"><img loading=\"lazy\" decoding=\"async\" class=\"alignnone wp-image-5890\" src=\"https:\/\/www.grundschule-sasbach.de\/wp\/wp-content\/uploads\/2022\/07\/Lesekisten-4a-4b.jpg\" alt=\"\" width=\"448\" height=\"298\" srcset=\"https:\/\/www.grundschule-sasbach.de\/wp\/wp-content\/uploads\/2022\/07\/Lesekisten-4a-4b.jpg 800w, https:\/\/www.grundschule-sasbach.de\/wp\/wp-content\/uploads\/2022\/07\/Lesekisten-4a-4b-300x200.jpg 300w, https:\/\/www.grundschule-sasbach.de\/wp\/wp-content\/uploads\/2022\/07\/Lesekisten-4a-4b-768x512.jpg 768w\" sizes=\"auto, (max-width: 448px) 100vw, 448px\" \/><\/a> <a href=\"https:\/\/www.grundschule-sasbach.de\/wp\/wp-content\/uploads\/2022\/07\/Schminken.jpg\"><img loading=\"lazy\" decoding=\"async\" class=\"alignnone wp-image-5891\" src=\"https:\/\/www.grundschule-sasbach.de\/wp\/wp-content\/uploads\/2022\/07\/Schminken.jpg\" alt=\"\" width=\"413\" height=\"275\" srcset=\"https:\/\/www.grundschule-sasbach.de\/wp\/wp-content\/uploads\/2022\/07\/Schminken.jpg 800w, https:\/\/www.grundschule-sasbach.de\/wp\/wp-content\/uploads\/2022\/07\/Schminken-300x200.jpg 300w, https:\/\/www.grundschule-sasbach.de\/wp\/wp-content\/uploads\/2022\/07\/Schminken-768x512.jpg 768w\" sizes=\"auto, (max-width: 413px) 100vw, 413px\" \/><\/a> <a href=\"https:\/\/www.grundschule-sasbach.de\/wp\/wp-content\/uploads\/2022\/07\/Tierplakate-3.jpg\"><img loading=\"lazy\" decoding=\"async\" class=\"alignnone wp-image-5892\" src=\"https:\/\/www.grundschule-sasbach.de\/wp\/wp-content\/uploads\/2022\/07\/Tierplakate-3.jpg\" alt=\"\" width=\"481\" height=\"361\" srcset=\"https:\/\/www.grundschule-sasbach.de\/wp\/wp-content\/uploads\/2022\/07\/Tierplakate-3.jpg 800w, https:\/\/www.grundschule-sasbach.de\/wp\/wp-content\/uploads\/2022\/07\/Tierplakate-3-300x225.jpg 300w, https:\/\/www.grundschule-sasbach.de\/wp\/wp-content\/uploads\/2022\/07\/Tierplakate-3-768x576.jpg 768w\" sizes=\"auto, (max-width: 481px) 100vw, 481px\" \/><\/a> <a href=\"https:\/\/www.grundschule-sasbach.de\/wp\/wp-content\/uploads\/2022\/07\/Unsere-neue-Medienausstattung.jpg\"><img loading=\"lazy\" decoding=\"async\" class=\"alignnone wp-image-5893\" src=\"https:\/\/www.grundschule-sasbach.de\/wp\/wp-content\/uploads\/2022\/07\/Unsere-neue-Medienausstattung.jpg\" alt=\"\" width=\"509\" height=\"382\" srcset=\"https:\/\/www.grundschule-sasbach.de\/wp\/wp-content\/uploads\/2022\/07\/Unsere-neue-Medienausstattung.jpg 800w, https:\/\/www.grundschule-sasbach.de\/wp\/wp-content\/uploads\/2022\/07\/Unsere-neue-Medienausstattung-300x225.jpg 300w, https:\/\/www.grundschule-sasbach.de\/wp\/wp-content\/uploads\/2022\/07\/Unsere-neue-Medienausstattung-768x576.jpg 768w\" sizes=\"auto, (max-width: 509px) 100vw, 509px\" \/><\/a> <a href=\"https:\/\/www.grundschule-sasbach.de\/wp\/wp-content\/uploads\/2022\/07\/Zaubern.jpg\"><img loading=\"lazy\" decoding=\"async\" class=\"alignnone wp-image-5894\" src=\"https:\/\/www.grundschule-sasbach.de\/wp\/wp-content\/uploads\/2022\/07\/Zaubern.jpg\" alt=\"\" width=\"527\" height=\"395\" srcset=\"https:\/\/www.grundschule-sasbach.de\/wp\/wp-content\/uploads\/2022\/07\/Zaubern.jpg 800w, https:\/\/www.grundschule-sasbach.de\/wp\/wp-content\/uploads\/2022\/07\/Zaubern-300x225.jpg 300w, https:\/\/www.grundschule-sasbach.de\/wp\/wp-content\/uploads\/2022\/07\/Zaubern-768x576.jpg 768w\" sizes=\"auto, (max-width: 527px) 100vw, 527px\" \/><\/a><\/p>\n<p>Unser Programm:<\/p>\n<a href=\"https:\/\/www.grundschule-sasbach.de\/wp\/wp-content\/uploads\/2022\/07\/Das-koennen-Sie-im-Schulhaus-anschauen-PLAKAT.pdf\" class=\"pdfemb-viewer\" style=\"\" data-width=\"max\" data-height=\"max\" data-toolbar=\"bottom\" data-toolbar-fixed=\"off\">Das k\u00f6nnen Sie im Schulhaus anschauen PLAKAT<\/a>\n<p><span style=\"color: #ff00ff; font-size: 18pt;\">DANKE an ALLE f\u00fcr diesen sch\u00f6nen Jubil\u00e4umstag ! <\/span><\/p>\n<p><span style=\"font-size: 14pt;\"><a href=\"https:\/\/www.grundschule-sasbach.de\/wp\/wp-content\/uploads\/2021\/05\/Danke.jpg\"><span style=\"color: #ff00ff;\">Vor allem den Eltern f\u00fcr die Bewirtung<\/span> <\/a><\/span><a href=\"https:\/\/www.grundschule-sasbach.de\/wp\/wp-content\/uploads\/2021\/05\/Danke.jpg\"><img loading=\"lazy\" decoding=\"async\" class=\"alignnone wp-image-5587\" src=\"https:\/\/www.grundschule-sasbach.de\/wp\/wp-content\/uploads\/2021\/05\/Danke.jpg\" alt=\"\" width=\"173\" height=\"134\" srcset=\"https:\/\/www.grundschule-sasbach.de\/wp\/wp-content\/uploads\/2021\/05\/Danke.jpg 501w, https:\/\/www.grundschule-sasbach.de\/wp\/wp-content\/uploads\/2021\/05\/Danke-300x232.jpg 300w\" sizes=\"auto, (max-width: 173px) 100vw, 173px\" \/><\/a><a href=\"https:\/\/www.grundschule-sasbach.de\/wp\/wp-content\/uploads\/2021\/05\/Danke.jpg\"> !<\/a><\/p>\n","protected":false},"excerpt":{"rendered":"<p>Die 10 Jahresfeier am 1. Juli 2022 war ein wundersch\u00f6ner Tag. Hier ein paar Eindr\u00fccke: Die 4.Kl\u00e4ssler und der Bauhof habendie Limburghalle sch\u00f6n gerichtet. Die Tischdeko haben die Betreuungskinder gebastelt. Es kann losgehen ! Begr\u00fc\u00dfung der ganzen Schulgemeinschaft um 15:00 Uhr. Es waren viele G\u00e4ste da&#8230;. Frau Nock begr\u00fc\u00dft die G\u00e4ste. Es folgten die Gru\u00dfworte &hellip; <a href=\"https:\/\/www.grundschule-sasbach.de\/wp\/?page_id=5873\" class=\"more-link\"><span class=\"screen-reader-text\">10 Jahresfeier<\/span> weiterlesen <span class=\"meta-nav\">&rarr;<\/span><\/a><\/p>\n","protected":false},"author":4,"featured_media":0,"parent":5965,"menu_order":15,"comment_status":"closed","ping_status":"closed","template":"","meta":{"footnotes":""},"class_list":["post-5873","page","type-page","status-publish","hentry"],"_links":{"self":[{"href":"https:\/\/www.grundschule-sasbach.de\/wp\/index.php?rest_route=\/wp\/v2\/pages\/5873","targetHints":{"allow":["GET"]}}],"collection":[{"href":"https:\/\/www.grundschule-sasbach.de\/wp\/index.php?rest_route=\/wp\/v2\/pages"}],"about":[{"href":"https:\/\/www.grundschule-sasbach.de\/wp\/index.php?rest_route=\/wp\/v2\/types\/page"}],"author":[{"embeddable":true,"href":"https:\/\/www.grundschule-sasbach.de\/wp\/index.php?rest_route=\/wp\/v2\/users\/4"}],"replies":[{"embeddable":true,"href":"https:\/\/www.grundschule-sasbach.de\/wp\/index.php?rest_route=%2Fwp%2Fv2%2Fcomments&post=5873"}],"version-history":[{"count":8,"href":"https:\/\/www.grundschule-sasbach.de\/wp\/index.php?rest_route=\/wp\/v2\/pages\/5873\/revisions"}],"predecessor-version":[{"id":5900,"href":"https:\/\/www.grundschule-sasbach.de\/wp\/index.php?rest_route=\/wp\/v2\/pages\/5873\/revisions\/5900"}],"up":[{"embeddable":true,"href":"https:\/\/www.grundschule-sasbach.de\/wp\/index.php?rest_route=\/wp\/v2\/pages\/5965"}],"wp:attachment":[{"href":"https:\/\/www.grundschule-sasbach.de\/wp\/index.php?rest_route=%2Fwp%2Fv2%2Fmedia&parent=5873"}],"curies":[{"name":"wp","href":"https:\/\/api.w.org\/{rel}","templated":true}]}}