{"id":7124,"date":"2025-07-03T14:38:55","date_gmt":"2025-07-03T12:38:55","guid":{"rendered":"https:\/\/www.grundschule-sasbach.de\/wp\/?page_id=7124"},"modified":"2025-09-17T10:30:12","modified_gmt":"2025-09-17T08:30:12","slug":"projekttageschulfest","status":"publish","type":"page","link":"https:\/\/www.grundschule-sasbach.de\/wp\/?page_id=7124","title":{"rendered":"Projekttage+Schulfest"},"content":{"rendered":"<h3><span style=\"font-family: comic sans ms, sans-serif; color: #99cc00;\">Thementage: Gesundheit 1.\/3.+4. Juli 2025<\/span><\/h3>\n<p style=\"text-align: center;\"><span style=\"color: #339966;\"><strong><span style=\"font-family: comic sans ms, sans-serif;\">Dieses Jahr hatten wir Thementage zum Thema: GESUNDHEIT<\/span><\/strong><\/span><\/p>\n<p><span style=\"font-family: comic sans ms, sans-serif; color: #008000;\">Die Themen waren: Gesundes Fr\u00fchst\u00fcck, gesunde Getr\u00e4nke, Waffeln mal anders, Versteckter Zucker, Handhygiene, 1. Hilfe, Kinderyoga, R\u00fcckenschule, mein Skelett, Achtsamkeit und Bewegung.<\/span><\/p>\n<p><a href=\"https:\/\/www.grundschule-sasbach.de\/wp\/wp-content\/uploads\/2025\/07\/Beim-WAffeln-backen-2.jpg\"><img loading=\"lazy\" decoding=\"async\" class=\"alignnone size-thumbnail wp-image-7126\" src=\"https:\/\/www.grundschule-sasbach.de\/wp\/wp-content\/uploads\/2025\/07\/Beim-WAffeln-backen-2-150x150.jpg\" alt=\"\" width=\"150\" height=\"150\" \/><\/a> <a href=\"https:\/\/www.grundschule-sasbach.de\/wp\/wp-content\/uploads\/2025\/07\/Beim-Waffeln-backen-4.jpg\"><img loading=\"lazy\" decoding=\"async\" class=\"alignnone size-thumbnail wp-image-7127\" src=\"https:\/\/www.grundschule-sasbach.de\/wp\/wp-content\/uploads\/2025\/07\/Beim-Waffeln-backen-4-150x150.jpg\" alt=\"\" width=\"150\" height=\"150\" \/><\/a> <a href=\"https:\/\/www.grundschule-sasbach.de\/wp\/wp-content\/uploads\/2025\/07\/Bewegung-in-der-Sporthalle-1.jpg\"><img loading=\"lazy\" decoding=\"async\" class=\"alignnone size-thumbnail wp-image-7128\" src=\"https:\/\/www.grundschule-sasbach.de\/wp\/wp-content\/uploads\/2025\/07\/Bewegung-in-der-Sporthalle-1-150x150.jpg\" alt=\"\" width=\"150\" height=\"150\" \/><\/a> <a href=\"https:\/\/www.grundschule-sasbach.de\/wp\/wp-content\/uploads\/2025\/07\/Die-Kinder-balancieren-auf-dem-Schwebebalken.jpg\"><img loading=\"lazy\" decoding=\"async\" class=\"alignnone size-thumbnail wp-image-7129\" src=\"https:\/\/www.grundschule-sasbach.de\/wp\/wp-content\/uploads\/2025\/07\/Die-Kinder-balancieren-auf-dem-Schwebebalken-150x150.jpg\" alt=\"\" width=\"150\" height=\"150\" \/><\/a> <a href=\"https:\/\/www.grundschule-sasbach.de\/wp\/wp-content\/uploads\/2025\/07\/Erste-HIlfe-3.jpg\"><img loading=\"lazy\" decoding=\"async\" class=\"alignnone size-thumbnail wp-image-7130\" src=\"https:\/\/www.grundschule-sasbach.de\/wp\/wp-content\/uploads\/2025\/07\/Erste-HIlfe-3-150x150.jpg\" alt=\"\" width=\"150\" height=\"150\" \/><\/a> <a href=\"https:\/\/www.grundschule-sasbach.de\/wp\/wp-content\/uploads\/2025\/07\/Erste-HIlfe-4.jpg\"><img loading=\"lazy\" decoding=\"async\" class=\"alignnone size-thumbnail wp-image-7131\" src=\"https:\/\/www.grundschule-sasbach.de\/wp\/wp-content\/uploads\/2025\/07\/Erste-HIlfe-4-150x150.jpg\" alt=\"\" width=\"150\" height=\"150\" \/><\/a> <a href=\"https:\/\/www.grundschule-sasbach.de\/wp\/wp-content\/uploads\/2025\/07\/Gemuesewaffeln-backen-4.jpg\"><img loading=\"lazy\" decoding=\"async\" class=\"alignnone size-thumbnail wp-image-7132\" src=\"https:\/\/www.grundschule-sasbach.de\/wp\/wp-content\/uploads\/2025\/07\/Gemuesewaffeln-backen-4-150x150.jpg\" alt=\"\" width=\"150\" height=\"150\" \/><\/a> <a href=\"https:\/\/www.grundschule-sasbach.de\/wp\/wp-content\/uploads\/2025\/07\/Gesunde-Getraenke-2.jpg\"><img loading=\"lazy\" decoding=\"async\" class=\"alignnone size-thumbnail wp-image-7133\" src=\"https:\/\/www.grundschule-sasbach.de\/wp\/wp-content\/uploads\/2025\/07\/Gesunde-Getraenke-2-150x150.jpg\" alt=\"\" width=\"150\" height=\"150\" \/><\/a> <a href=\"https:\/\/www.grundschule-sasbach.de\/wp\/wp-content\/uploads\/2025\/07\/Gesunde-Getraenke-5.jpg\"><img loading=\"lazy\" decoding=\"async\" class=\"alignnone size-thumbnail wp-image-7134\" src=\"https:\/\/www.grundschule-sasbach.de\/wp\/wp-content\/uploads\/2025\/07\/Gesunde-Getraenke-5-150x150.jpg\" alt=\"\" width=\"150\" height=\"150\" \/><\/a> <a href=\"https:\/\/www.grundschule-sasbach.de\/wp\/wp-content\/uploads\/2025\/07\/Gesundes-Fruehstueck-1.jpg\"><img loading=\"lazy\" decoding=\"async\" class=\"alignnone size-thumbnail wp-image-7135\" src=\"https:\/\/www.grundschule-sasbach.de\/wp\/wp-content\/uploads\/2025\/07\/Gesundes-Fruehstueck-1-150x150.jpg\" alt=\"\" width=\"150\" height=\"150\" \/><\/a> <a href=\"https:\/\/www.grundschule-sasbach.de\/wp\/wp-content\/uploads\/2025\/07\/Gesundes-Fruehstueck-3.jpg\"><img loading=\"lazy\" decoding=\"async\" class=\"alignnone size-thumbnail wp-image-7136\" src=\"https:\/\/www.grundschule-sasbach.de\/wp\/wp-content\/uploads\/2025\/07\/Gesundes-Fruehstueck-3-150x150.jpg\" alt=\"\" width=\"150\" height=\"150\" \/><\/a> <a href=\"https:\/\/www.grundschule-sasbach.de\/wp\/wp-content\/uploads\/2025\/07\/Glueck-und-Achtsamkeit-1.jpg\"><img loading=\"lazy\" decoding=\"async\" class=\"alignnone size-thumbnail wp-image-7137\" src=\"https:\/\/www.grundschule-sasbach.de\/wp\/wp-content\/uploads\/2025\/07\/Glueck-und-Achtsamkeit-1-150x150.jpg\" alt=\"\" width=\"150\" height=\"150\" \/><\/a> <a href=\"https:\/\/www.grundschule-sasbach.de\/wp\/wp-content\/uploads\/2025\/07\/Handhygiene-2.jpg\"><img loading=\"lazy\" decoding=\"async\" class=\"alignnone size-thumbnail wp-image-7138\" src=\"https:\/\/www.grundschule-sasbach.de\/wp\/wp-content\/uploads\/2025\/07\/Handhygiene-2-150x150.jpg\" alt=\"\" width=\"150\" height=\"150\" \/><\/a> <a href=\"https:\/\/www.grundschule-sasbach.de\/wp\/wp-content\/uploads\/2025\/07\/Handhygiene-4.jpg\"><img loading=\"lazy\" decoding=\"async\" class=\"alignnone size-thumbnail wp-image-7139\" src=\"https:\/\/www.grundschule-sasbach.de\/wp\/wp-content\/uploads\/2025\/07\/Handhygiene-4-150x150.jpg\" alt=\"\" width=\"150\" height=\"150\" \/><\/a> <a href=\"https:\/\/www.grundschule-sasbach.de\/wp\/wp-content\/uploads\/2025\/07\/Kinder-bei-der-Zubereitung-gesunder-Getraenke-2.jpg\"><img loading=\"lazy\" decoding=\"async\" class=\"alignnone size-thumbnail wp-image-7140\" src=\"https:\/\/www.grundschule-sasbach.de\/wp\/wp-content\/uploads\/2025\/07\/Kinder-bei-der-Zubereitung-gesunder-Getraenke-2-150x150.jpg\" alt=\"\" width=\"150\" height=\"150\" \/><\/a> <a href=\"https:\/\/www.grundschule-sasbach.de\/wp\/wp-content\/uploads\/2025\/07\/Kinder-der-Yogagruppe.jpg\"><img loading=\"lazy\" decoding=\"async\" class=\"alignnone size-thumbnail wp-image-7141\" src=\"https:\/\/www.grundschule-sasbach.de\/wp\/wp-content\/uploads\/2025\/07\/Kinder-der-Yogagruppe-150x150.jpg\" alt=\"\" width=\"150\" height=\"150\" \/><\/a> <a href=\"https:\/\/www.grundschule-sasbach.de\/wp\/wp-content\/uploads\/2025\/07\/KInderyoga-4.jpg\"><img loading=\"lazy\" decoding=\"async\" class=\"alignnone size-thumbnail wp-image-7142\" src=\"https:\/\/www.grundschule-sasbach.de\/wp\/wp-content\/uploads\/2025\/07\/KInderyoga-4-150x150.jpg\" alt=\"\" width=\"150\" height=\"150\" \/><\/a> <a href=\"https:\/\/www.grundschule-sasbach.de\/wp\/wp-content\/uploads\/2025\/07\/Rueckenschule-1.jpg\"><img loading=\"lazy\" decoding=\"async\" class=\"alignnone size-thumbnail wp-image-7143\" src=\"https:\/\/www.grundschule-sasbach.de\/wp\/wp-content\/uploads\/2025\/07\/Rueckenschule-1-150x150.jpg\" alt=\"\" width=\"150\" height=\"150\" \/><\/a> <a href=\"https:\/\/www.grundschule-sasbach.de\/wp\/wp-content\/uploads\/2025\/07\/Unser-Skelett-2.jpg\"><img loading=\"lazy\" decoding=\"async\" class=\"alignnone size-thumbnail wp-image-7144\" src=\"https:\/\/www.grundschule-sasbach.de\/wp\/wp-content\/uploads\/2025\/07\/Unser-Skelett-2-150x150.jpg\" alt=\"\" width=\"150\" height=\"150\" \/><\/a> <a href=\"https:\/\/www.grundschule-sasbach.de\/wp\/wp-content\/uploads\/2025\/07\/Unser-Skelett-3.jpg\"><img loading=\"lazy\" decoding=\"async\" class=\"alignnone size-thumbnail wp-image-7145\" src=\"https:\/\/www.grundschule-sasbach.de\/wp\/wp-content\/uploads\/2025\/07\/Unser-Skelett-3-150x150.jpg\" alt=\"\" width=\"150\" height=\"150\" \/><\/a> <a href=\"https:\/\/www.grundschule-sasbach.de\/wp\/wp-content\/uploads\/2025\/07\/Unser-Skelett-4.jpg\"><img loading=\"lazy\" decoding=\"async\" class=\"alignnone size-thumbnail wp-image-7146\" src=\"https:\/\/www.grundschule-sasbach.de\/wp\/wp-content\/uploads\/2025\/07\/Unser-Skelett-4-150x150.jpg\" alt=\"\" width=\"150\" height=\"150\" \/><\/a> <a href=\"https:\/\/www.grundschule-sasbach.de\/wp\/wp-content\/uploads\/2025\/07\/Yogauebung-2.jpg\"><img loading=\"lazy\" decoding=\"async\" class=\"alignnone size-thumbnail wp-image-7147\" src=\"https:\/\/www.grundschule-sasbach.de\/wp\/wp-content\/uploads\/2025\/07\/Yogauebung-2-150x150.jpg\" alt=\"\" width=\"150\" height=\"150\" \/><\/a> <a href=\"https:\/\/www.grundschule-sasbach.de\/wp\/wp-content\/uploads\/2025\/07\/ZUcker-in-Lebensmitteln.jpg\"><img loading=\"lazy\" decoding=\"async\" class=\"alignnone size-thumbnail wp-image-7148\" src=\"https:\/\/www.grundschule-sasbach.de\/wp\/wp-content\/uploads\/2025\/07\/ZUcker-in-Lebensmitteln-150x150.jpg\" alt=\"\" width=\"150\" height=\"150\" \/><\/a><\/p>\n<h4><span style=\"font-family: comic sans ms, sans-serif; color: #339966;\">Zum Abschluss der Projekttage fand am Samstag, 5. Juli 2025\u00a0 unser Schulfest statt.<\/span><\/h4>\n<p><span style=\"font-family: comic sans ms, sans-serif;\">Um 11.00 Uhr war die Begr\u00fc\u00dfung durch alle Sch\u00fcler und Lehrer der Schule. <\/span><\/p>\n<p><a href=\"https:\/\/www.grundschule-sasbach.de\/wp\/wp-content\/uploads\/2025\/07\/Alle-KInder-singen-auf-der-Buehne.jpg\"><img loading=\"lazy\" decoding=\"async\" class=\"alignnone size-thumbnail wp-image-7150\" src=\"https:\/\/www.grundschule-sasbach.de\/wp\/wp-content\/uploads\/2025\/07\/Alle-KInder-singen-auf-der-Buehne-150x150.jpg\" alt=\"\" width=\"150\" height=\"150\" \/><\/a> <a href=\"https:\/\/www.grundschule-sasbach.de\/wp\/wp-content\/uploads\/2025\/07\/Alle-Kinder-und-Lehrer-begruessen-die-Gaeste-mit-einem-Guten-Morgenlied-in-verschiedenen-Sprachen.jpg\"><img loading=\"lazy\" decoding=\"async\" class=\"alignnone size-thumbnail wp-image-7151\" src=\"https:\/\/www.grundschule-sasbach.de\/wp\/wp-content\/uploads\/2025\/07\/Alle-Kinder-und-Lehrer-begruessen-die-Gaeste-mit-einem-Guten-Morgenlied-in-verschiedenen-Sprachen-150x150.jpg\" alt=\"\" width=\"150\" height=\"150\" \/><\/a> <a href=\"https:\/\/www.grundschule-sasbach.de\/wp\/wp-content\/uploads\/2025\/07\/Gesundes-Buffet-19.jpg\"><img loading=\"lazy\" decoding=\"async\" class=\"alignnone size-thumbnail wp-image-7152\" src=\"https:\/\/www.grundschule-sasbach.de\/wp\/wp-content\/uploads\/2025\/07\/Gesundes-Buffet-19-150x150.jpg\" alt=\"\" width=\"150\" height=\"150\" \/><\/a> <a href=\"https:\/\/www.grundschule-sasbach.de\/wp\/wp-content\/uploads\/2025\/07\/Gesundes-Buffet-30.jpg\"><img loading=\"lazy\" decoding=\"async\" class=\"alignnone size-thumbnail wp-image-7153\" src=\"https:\/\/www.grundschule-sasbach.de\/wp\/wp-content\/uploads\/2025\/07\/Gesundes-Buffet-30-150x150.jpg\" alt=\"\" width=\"150\" height=\"150\" \/><\/a> <a href=\"https:\/\/www.grundschule-sasbach.de\/wp\/wp-content\/uploads\/2025\/07\/Gesundes-Buffet-31.jpg\"><img loading=\"lazy\" decoding=\"async\" class=\"alignnone size-thumbnail wp-image-7154\" src=\"https:\/\/www.grundschule-sasbach.de\/wp\/wp-content\/uploads\/2025\/07\/Gesundes-Buffet-31-150x150.jpg\" alt=\"\" width=\"150\" height=\"150\" \/><\/a> <a href=\"https:\/\/www.grundschule-sasbach.de\/wp\/wp-content\/uploads\/2025\/07\/Gesundes-Buffet-36.jpg\"><img loading=\"lazy\" decoding=\"async\" class=\"alignnone size-thumbnail wp-image-7155\" src=\"https:\/\/www.grundschule-sasbach.de\/wp\/wp-content\/uploads\/2025\/07\/Gesundes-Buffet-36-150x150.jpg\" alt=\"\" width=\"150\" height=\"150\" \/><\/a><\/p>\n<p><span style=\"font-family: comic sans ms, sans-serif;\">Danach gab es ein unglaublich reichhaltiges, gesundes Buffet auf Spendenbasis, das unser Elternbeirat vorbereitet hatte. <span style=\"color: #339966;\"><strong>DANKE, es war gro\u00dfartig ! <a href=\"https:\/\/www.grundschule-sasbach.de\/wp\/wp-content\/uploads\/2025\/06\/Herz-4.jpg\"><img loading=\"lazy\" decoding=\"async\" class=\"alignnone wp-image-7109\" src=\"https:\/\/www.grundschule-sasbach.de\/wp\/wp-content\/uploads\/2025\/06\/Herz-4-150x150.jpg\" alt=\"\" width=\"49\" height=\"49\" \/><\/a><\/strong><\/span><\/span><\/p>\n<p><span style=\"font-family: comic sans ms, sans-serif;\">Gest\u00e4rkt konnte man sich dann die Projektpr\u00e4sentationen in den Zimmern im ganzen Schulhaus anschauen.\u00a0<\/span><\/p>\n<p><span style=\"font-family: comic sans ms, sans-serif;\">Vielleicht konnten wir den Eltern und G\u00e4sten auch ein paar gute Tipps mit nach Hause mitgeben. <\/span><\/p>\n<h4><strong><span style=\"font-family: comic sans ms, sans-serif; color: #339966;\">Denn Gesundheit ist f\u00fcr ALLE wichtig&#8230;<\/span><\/strong><\/h4>\n<p><a href=\"https:\/\/www.grundschule-sasbach.de\/wp\/wp-content\/uploads\/2025\/07\/Zeitungsartikel-Kaiserstuehler-Wochenbericht-scaled.jpg\"><img loading=\"lazy\" decoding=\"async\" class=\"alignnone size-thumbnail wp-image-7159\" src=\"https:\/\/www.grundschule-sasbach.de\/wp\/wp-content\/uploads\/2025\/07\/Zeitungsartikel-Kaiserstuehler-Wochenbericht-150x150.jpg\" alt=\"\" width=\"150\" height=\"150\" \/><\/a><\/p>\n","protected":false},"excerpt":{"rendered":"<p>Thementage: Gesundheit 1.\/3.+4. Juli 2025 Dieses Jahr hatten wir Thementage zum Thema: GESUNDHEIT Die Themen waren: Gesundes Fr\u00fchst\u00fcck, gesunde Getr\u00e4nke, Waffeln mal anders, Versteckter Zucker, Handhygiene, 1. Hilfe, Kinderyoga, R\u00fcckenschule, mein Skelett, Achtsamkeit und Bewegung. Zum Abschluss der Projekttage fand am Samstag, 5. Juli 2025\u00a0 unser Schulfest statt. Um 11.00 Uhr war die Begr\u00fc\u00dfung durch &hellip; <a href=\"https:\/\/www.grundschule-sasbach.de\/wp\/?page_id=7124\" class=\"more-link\"><span class=\"screen-reader-text\">Projekttage+Schulfest<\/span> weiterlesen <span class=\"meta-nav\">&rarr;<\/span><\/a><\/p>\n","protected":false},"author":4,"featured_media":0,"parent":7207,"menu_order":15,"comment_status":"closed","ping_status":"closed","template":"","meta":{"footnotes":""},"class_list":["post-7124","page","type-page","status-publish","hentry"],"_links":{"self":[{"href":"https:\/\/www.grundschule-sasbach.de\/wp\/index.php?rest_route=\/wp\/v2\/pages\/7124","targetHints":{"allow":["GET"]}}],"collection":[{"href":"https:\/\/www.grundschule-sasbach.de\/wp\/index.php?rest_route=\/wp\/v2\/pages"}],"about":[{"href":"https:\/\/www.grundschule-sasbach.de\/wp\/index.php?rest_route=\/wp\/v2\/types\/page"}],"author":[{"embeddable":true,"href":"https:\/\/www.grundschule-sasbach.de\/wp\/index.php?rest_route=\/wp\/v2\/users\/4"}],"replies":[{"embeddable":true,"href":"https:\/\/www.grundschule-sasbach.de\/wp\/index.php?rest_route=%2Fwp%2Fv2%2Fcomments&post=7124"}],"version-history":[{"count":5,"href":"https:\/\/www.grundschule-sasbach.de\/wp\/index.php?rest_route=\/wp\/v2\/pages\/7124\/revisions"}],"predecessor-version":[{"id":7160,"href":"https:\/\/www.grundschule-sasbach.de\/wp\/index.php?rest_route=\/wp\/v2\/pages\/7124\/revisions\/7160"}],"up":[{"embeddable":true,"href":"https:\/\/www.grundschule-sasbach.de\/wp\/index.php?rest_route=\/wp\/v2\/pages\/7207"}],"wp:attachment":[{"href":"https:\/\/www.grundschule-sasbach.de\/wp\/index.php?rest_route=%2Fwp%2Fv2%2Fmedia&parent=7124"}],"curies":[{"name":"wp","href":"https:\/\/api.w.org\/{rel}","templated":true}]}}